{"id":63734,"date":"2024-01-18T10:22:34","date_gmt":"2024-01-18T09:22:34","guid":{"rendered":"https:\/\/staging.garvanacoustic.com\/?page_id=63734"},"modified":"2024-01-18T10:26:59","modified_gmt":"2024-01-18T09:26:59","slug":"produits-sur-mesure-pour-les-entreprises","status":"publish","type":"page","link":"https:\/\/staging.garvanacoustic.com\/fr\/enceintes\/personnalisations\/produits-sur-mesure-pour-les-entreprises\/","title":{"rendered":"Produits sur mesure pour les entreprises"},"content":{"rendered":"<section  class=\"wow fadeIn bg-image-srcset cover-background\" style=\"background-image: url(https:\/\/staging.garvanacoustic.com\/wp-content\/uploads\/2019\/02\/q-med.jpg);\" data-bg-srcset=\"https:\/\/staging.garvanacoustic.com\/wp-content\/uploads\/2019\/02\/q-med.jpg 760w, https:\/\/staging.garvanacoustic.com\/wp-content\/uploads\/2019\/02\/q-med-300x225.jpg 300w, https:\/\/staging.garvanacoustic.com\/wp-content\/uploads\/2019\/02\/q-med-81x61.jpg 81w\"><div class=\"selection-overlay\" style=\"opacity:0.5;background-color:#000000;\"><\/div><div class=\"container\"><div class=\"row\"><div class=\"wpb_column hcode-column-container center-col text-center vc_col-sm-10 vc_col-md-6 col-xs-mobile-fullwidth\" data-front-class=\"center-col text-center col-xs-mobile-fullwidth\"><div class=\"vc-column-innner-wrapper\"><p class=\"titolo\"><strong>Produits sur mesure en s\u00e9rie pour les entreprises<\/strong><\/p>\n<\/div><\/div><\/div><\/div><\/section><section class=\"no-padding\"><div class=\"container-fluid\"><div class=\"row\"><div class=\"wpb_column hcode-column-container text-center padding-three-top  col-xs-mobile-fullwidth\" data-front-class=\"text-center padding-three-top col-xs-mobile-fullwidth front-column-class\"><div class=\"vc-column-innner-wrapper\"><div class=\"hcode-divider \" style=\"border-top: 20px;\"><\/div><\/div><\/div><\/div><\/div><\/section><section class=\"no-padding\"><div class=\"container-fluid\"><div class=\"row\"><div class=\"wpb_column hcode-column-container text-center padding-three-top vc_col-sm-2 col-xs-mobile-fullwidth\" data-front-class=\"text-center padding-three-top col-xs-mobile-fullwidth\"><div class=\"vc-column-innner-wrapper\"><\/div><\/div><div class=\"wpb_column hcode-column-container vc_col-sm-8 col-xs-mobile-fullwidth\" data-front-class=\"col-xs-mobile-fullwidth\"><div class=\"vc-column-innner-wrapper\">[vc_wp_text]\r\n<p style=\"text-align: center;\">Au fil des ann\u00e9es, nous avons cr\u00e9\u00e9 des enceintes personnalis\u00e9es en partenariat avec des marques c\u00e9l\u00e8bres pour r\u00e9pondre aux besoins des clients.<\/p>\r\n[\/vc_wp_text]<\/div><\/div><div class=\"wpb_column hcode-column-container vc_col-sm-2 col-xs-mobile-fullwidth\" data-front-class=\"col-xs-mobile-fullwidth\"><div class=\"vc-column-innner-wrapper\"><\/div><\/div><\/div><\/div><\/section><section class=\"no-padding\"><div class=\"container-fluid\"><div class=\"row\"><div class=\"wpb_column hcode-column-container text-center padding-three-top vc_col-sm-2 col-xs-mobile-fullwidth\" data-front-class=\"text-center padding-three-top col-xs-mobile-fullwidth\"><div class=\"vc-column-innner-wrapper\"><\/div><\/div><div class=\"wpb_column hcode-column-container vc_col-sm-8 col-xs-mobile-fullwidth\" data-front-class=\"col-xs-mobile-fullwidth\"><div class=\"vc-column-innner-wrapper\"><div class=\"col-md-12 text-center\"><div class=\"text-center\"><ul  class=\"portfolio-filter nav nav-tabs nav-tabs-black hcode-portfolio-filter-1\"><li class=\"nav \">\n                                    <a href=\"#\"  class=\"\" data-uniqueid=\"hcode-portfolio-1\" data-filter=\".portfolio-filter-1599\" data-trigger-id=\"pour-les-entreprises\" data-id=\"\">Pour les entreprises<\/a>\n                                <\/li><\/ul><\/div><\/div><div  class=\"work-4col gutter work-with-title wide wide-title \"><div class=\"col-md-12  grid-gallery overflow-hidden no-padding content-section\"><div class=\"tab-content portfolio-infinite-scroll-pagination\"><ul class=\"grid masonry-items masonry-portfolio-grid   hcode-portfolio-1\" data-portfolio=\"\" data-uniqueid=\"hcode-portfolio-1\"><li class=\"portfolio-filter-1595 portfolio-filter-1599 \"><figure><div class=\"gallery-img\"><a href=\"https:\/\/staging.garvanacoustic.com\/fr\/produit\/brummel-cuisines\/\"><img decoding=\"async\" width=\"740\" height=\"500\" src=\"https:\/\/staging.garvanacoustic.com\/wp-content\/uploads\/2019\/02\/brummel_2.jpg\" class=\"hcode-portfolio-img wp-post-image\" alt=\"\" srcset=\"https:\/\/staging.garvanacoustic.com\/wp-content\/uploads\/2019\/02\/brummel_2.jpg 740w, https:\/\/staging.garvanacoustic.com\/wp-content\/uploads\/2019\/02\/brummel_2-300x203.jpg 300w, https:\/\/staging.garvanacoustic.com\/wp-content\/uploads\/2019\/02\/brummel_2-81x55.jpg 81w\" sizes=\"(max-width: 740px) 100vw, 740px\" \/><\/a><\/div><figcaption><h3 class=\"\"><a href=\"https:\/\/staging.garvanacoustic.com\/fr\/produit\/brummel-cuisines\/\">Brummel cuisines<\/a><\/h3><a class=\"btn inner-link btn-black btn-small\" href=\"https:\/\/staging.garvanacoustic.com\/fr\/produit\/brummel-cuisines\/\">D\u00e8couvrir<\/a><\/figcaption><\/figure><\/li><li class=\"portfolio-filter-1595 portfolio-filter-1599 \"><figure><div class=\"gallery-img\"><a href=\"https:\/\/staging.garvanacoustic.com\/fr\/produit\/divani-divani-by-natuzzi\/\"><img decoding=\"async\" width=\"760\" height=\"570\" src=\"https:\/\/staging.garvanacoustic.com\/wp-content\/uploads\/2019\/02\/natuzzi.jpg\" class=\"hcode-portfolio-img wp-post-image\" alt=\"\" srcset=\"https:\/\/staging.garvanacoustic.com\/wp-content\/uploads\/2019\/02\/natuzzi.jpg 760w, https:\/\/staging.garvanacoustic.com\/wp-content\/uploads\/2019\/02\/natuzzi-300x225.jpg 300w, https:\/\/staging.garvanacoustic.com\/wp-content\/uploads\/2019\/02\/natuzzi-81x61.jpg 81w\" sizes=\"(max-width: 760px) 100vw, 760px\" \/><\/a><\/div><figcaption><h3 class=\"\"><a href=\"https:\/\/staging.garvanacoustic.com\/fr\/produit\/divani-divani-by-natuzzi\/\">Divani &#038; Divani by Natuzzi<\/a><\/h3><a class=\"btn inner-link btn-black btn-small\" href=\"https:\/\/staging.garvanacoustic.com\/fr\/produit\/divani-divani-by-natuzzi\/\">D\u00e8couvrir<\/a><\/figcaption><\/figure><\/li><li class=\"portfolio-filter-1595 portfolio-filter-1599 \"><figure><div class=\"gallery-img\"><a href=\"https:\/\/staging.garvanacoustic.com\/fr\/produit\/gamma-arredamenti\/\"><img decoding=\"async\" width=\"732\" height=\"490\" src=\"https:\/\/staging.garvanacoustic.com\/wp-content\/uploads\/2019\/02\/gamma_4.jpg\" class=\"hcode-portfolio-img wp-post-image\" alt=\"\" srcset=\"https:\/\/staging.garvanacoustic.com\/wp-content\/uploads\/2019\/02\/gamma_4.jpg 732w, https:\/\/staging.garvanacoustic.com\/wp-content\/uploads\/2019\/02\/gamma_4-300x201.jpg 300w, https:\/\/staging.garvanacoustic.com\/wp-content\/uploads\/2019\/02\/gamma_4-81x54.jpg 81w\" sizes=\"(max-width: 732px) 100vw, 732px\" \/><\/a><\/div><figcaption><h3 class=\"\"><a href=\"https:\/\/staging.garvanacoustic.com\/fr\/produit\/gamma-arredamenti\/\">Gamma Arredamenti<\/a><\/h3><a class=\"btn inner-link btn-black btn-small\" href=\"https:\/\/staging.garvanacoustic.com\/fr\/produit\/gamma-arredamenti\/\">D\u00e8couvrir<\/a><\/figcaption><\/figure><\/li><li class=\"portfolio-filter-1595 portfolio-filter-1599 \"><figure><div class=\"gallery-img\"><a href=\"https:\/\/staging.garvanacoustic.com\/fr\/produit\/q-med\/\"><img decoding=\"async\" width=\"670\" height=\"460\" src=\"https:\/\/staging.garvanacoustic.com\/wp-content\/uploads\/2019\/02\/q_med_1.jpg\" class=\"hcode-portfolio-img wp-post-image\" alt=\"\" srcset=\"https:\/\/staging.garvanacoustic.com\/wp-content\/uploads\/2019\/02\/q_med_1.jpg 670w, https:\/\/staging.garvanacoustic.com\/wp-content\/uploads\/2019\/02\/q_med_1-300x206.jpg 300w, https:\/\/staging.garvanacoustic.com\/wp-content\/uploads\/2019\/02\/q_med_1-81x56.jpg 81w\" sizes=\"(max-width: 670px) 100vw, 670px\" \/><\/a><\/div><figcaption><h3 class=\"\"><a href=\"https:\/\/staging.garvanacoustic.com\/fr\/produit\/q-med\/\">Q Med<\/a><\/h3><a class=\"btn inner-link btn-black btn-small\" href=\"https:\/\/staging.garvanacoustic.com\/fr\/produit\/q-med\/\">D\u00e8couvrir<\/a><\/figcaption><\/figure><\/li><\/ul><\/div><\/div><\/div><\/div><\/div><div class=\"wpb_column hcode-column-container vc_col-sm-2 col-xs-mobile-fullwidth\" data-front-class=\"col-xs-mobile-fullwidth\"><div class=\"vc-column-innner-wrapper\"><\/div><\/div><\/div><\/div><\/section>","protected":false},"excerpt":{"rendered":"<p>[vc_single_image image=\u00a0\u00bb28613&Prime; img_size=\u00a0\u00bbfull\u00a0\u00bb alignment=\u00a0\u00bbcenter\u00a0\u00bb]Cr\u00e9ation d&rsquo;enceintes pour machines de bronzage \u00c9tude et conception pour int\u00e9grer l&rsquo;audio dans la machine de bronzage innovante \u00ab\u00a0Infinity\u00a0\u00bb. Cr\u00e9ation de diffuseurs acoustiques en acier inoxydable avec traitements internes sp\u00e9ciaux antibruit et insonorisant. Le positionnement des enceintes a \u00e9t\u00e9 simul\u00e9 et \u00e9tudi\u00e9 \u00e0 l&rsquo;aide d&rsquo;un logiciel de conception. Les haut-parleurs ont \u00e9t\u00e9 [&hellip;]<\/p>\n","protected":false},"author":11,"featured_media":28760,"parent":29393,"menu_order":0,"comment_status":"open","ping_status":"open","template":"","meta":{"_joinchat":[],"footnotes":""},"class_list":["post-63734","page","type-page","status-publish","has-post-thumbnail","hentry"],"yoast_head":"<!-- This site is optimized with the Yoast SEO Premium plugin v27.8 (Yoast SEO v27.8) - https:\/\/yoast.com\/product\/yoast-seo-premium-wordpress\/ -->\n<title>Produits sur mesure pour les entreprises - Garvan staging website<\/title>\n<meta name=\"description\" content=\"Au fil des ann\u00e9es, nous avons cr\u00e9\u00e9 des enceintes personnalis\u00e9es en partenariat avec des marques c\u00e9l\u00e8bres pour r\u00e9pondre aux besoins des clients.\" \/>\n<meta name=\"robots\" content=\"noindex, follow, max-snippet:-1, max-image-preview:large, max-video-preview:-1\" \/>\n<meta property=\"og:locale\" content=\"fr_FR\" \/>\n<meta property=\"og:type\" content=\"article\" \/>\n<meta property=\"og:title\" content=\"Produits sur mesure pour les entreprises\" \/>\n<meta property=\"og:description\" content=\"Au fil des ann\u00e9es, nous avons cr\u00e9\u00e9 des enceintes personnalis\u00e9es en partenariat avec des marques c\u00e9l\u00e8bres pour r\u00e9pondre aux besoins des clients.\" \/>\n<meta property=\"og:url\" content=\"https:\/\/staging.garvanacoustic.com\/fr\/enceintes\/personnalisations\/produits-sur-mesure-pour-les-entreprises\/\" \/>\n<meta property=\"og:site_name\" content=\"Garvan staging website\" \/>\n<meta property=\"article:publisher\" content=\"https:\/\/www.facebook.com\/garvanacoustic\" \/>\n<meta property=\"article:modified_time\" content=\"2024-01-18T09:26:59+00:00\" \/>\n<meta property=\"og:image\" content=\"https:\/\/staging.garvanacoustic.com\/wp-content\/uploads\/2019\/02\/natuzzi.jpg\" \/>\n\t<meta property=\"og:image:width\" content=\"760\" \/>\n\t<meta property=\"og:image:height\" content=\"570\" \/>\n\t<meta property=\"og:image:type\" content=\"image\/jpeg\" \/>\n<meta name=\"twitter:card\" content=\"summary_large_image\" \/>\n<meta name=\"twitter:label1\" content=\"Dur\u00e9e de lecture estim\u00e9e\" \/>\n\t<meta name=\"twitter:data1\" content=\"1 minute\" \/>\n<script type=\"application\/ld+json\" class=\"yoast-schema-graph\">{\"@context\":\"https:\\\/\\\/schema.org\",\"@graph\":[{\"@type\":\"WebPage\",\"@id\":\"https:\\\/\\\/staging.garvanacoustic.com\\\/fr\\\/enceintes\\\/personnalisations\\\/produits-sur-mesure-pour-les-entreprises\\\/\",\"url\":\"https:\\\/\\\/staging.garvanacoustic.com\\\/fr\\\/enceintes\\\/personnalisations\\\/produits-sur-mesure-pour-les-entreprises\\\/\",\"name\":\"Produits sur mesure pour les entreprises - Garvan staging website\",\"isPartOf\":{\"@id\":\"https:\\\/\\\/staging.garvanacoustic.com\\\/fr\\\/#website\"},\"primaryImageOfPage\":{\"@id\":\"https:\\\/\\\/staging.garvanacoustic.com\\\/fr\\\/enceintes\\\/personnalisations\\\/produits-sur-mesure-pour-les-entreprises\\\/#primaryimage\"},\"image\":{\"@id\":\"https:\\\/\\\/staging.garvanacoustic.com\\\/fr\\\/enceintes\\\/personnalisations\\\/produits-sur-mesure-pour-les-entreprises\\\/#primaryimage\"},\"thumbnailUrl\":\"https:\\\/\\\/staging.garvanacoustic.com\\\/wp-content\\\/uploads\\\/2019\\\/02\\\/natuzzi.jpg\",\"datePublished\":\"2024-01-18T09:22:34+00:00\",\"dateModified\":\"2024-01-18T09:26:59+00:00\",\"description\":\"Au fil des ann\u00e9es, nous avons cr\u00e9\u00e9 des enceintes personnalis\u00e9es en partenariat avec des marques c\u00e9l\u00e8bres pour r\u00e9pondre aux besoins des clients.\",\"breadcrumb\":{\"@id\":\"https:\\\/\\\/staging.garvanacoustic.com\\\/fr\\\/enceintes\\\/personnalisations\\\/produits-sur-mesure-pour-les-entreprises\\\/#breadcrumb\"},\"inLanguage\":\"fr-FR\",\"potentialAction\":[{\"@type\":\"ReadAction\",\"target\":[\"https:\\\/\\\/staging.garvanacoustic.com\\\/fr\\\/enceintes\\\/personnalisations\\\/produits-sur-mesure-pour-les-entreprises\\\/\"]}]},{\"@type\":\"ImageObject\",\"inLanguage\":\"fr-FR\",\"@id\":\"https:\\\/\\\/staging.garvanacoustic.com\\\/fr\\\/enceintes\\\/personnalisations\\\/produits-sur-mesure-pour-les-entreprises\\\/#primaryimage\",\"url\":\"https:\\\/\\\/staging.garvanacoustic.com\\\/wp-content\\\/uploads\\\/2019\\\/02\\\/natuzzi.jpg\",\"contentUrl\":\"https:\\\/\\\/staging.garvanacoustic.com\\\/wp-content\\\/uploads\\\/2019\\\/02\\\/natuzzi.jpg\",\"width\":760,\"height\":570},{\"@type\":\"BreadcrumbList\",\"@id\":\"https:\\\/\\\/staging.garvanacoustic.com\\\/fr\\\/enceintes\\\/personnalisations\\\/produits-sur-mesure-pour-les-entreprises\\\/#breadcrumb\",\"itemListElement\":[{\"@type\":\"ListItem\",\"position\":1,\"name\":\"Home\",\"item\":\"https:\\\/\\\/staging.garvanacoustic.com\\\/fr\\\/\"},{\"@type\":\"ListItem\",\"position\":2,\"name\":\"Enceintes\",\"item\":\"https:\\\/\\\/staging.garvanacoustic.com\\\/fr\\\/enceintes\\\/\"},{\"@type\":\"ListItem\",\"position\":3,\"name\":\"Personnalisations\",\"item\":\"https:\\\/\\\/staging.garvanacoustic.com\\\/fr\\\/enceintes\\\/personnalisations\\\/\"},{\"@type\":\"ListItem\",\"position\":4,\"name\":\"Produits sur mesure pour les entreprises\"}]},{\"@type\":\"WebSite\",\"@id\":\"https:\\\/\\\/staging.garvanacoustic.com\\\/fr\\\/#website\",\"url\":\"https:\\\/\\\/staging.garvanacoustic.com\\\/fr\\\/\",\"name\":\"Garvan Acoustic\",\"description\":\"Diffusori e trattamento acustico: scopri la qualit\u00e0 del Made in Italy\",\"publisher\":{\"@id\":\"https:\\\/\\\/staging.garvanacoustic.com\\\/fr\\\/#organization\"},\"potentialAction\":[{\"@type\":\"SearchAction\",\"target\":{\"@type\":\"EntryPoint\",\"urlTemplate\":\"https:\\\/\\\/staging.garvanacoustic.com\\\/fr\\\/?s={search_term_string}\"},\"query-input\":{\"@type\":\"PropertyValueSpecification\",\"valueRequired\":true,\"valueName\":\"search_term_string\"}}],\"inLanguage\":\"fr-FR\"},{\"@type\":\"Organization\",\"@id\":\"https:\\\/\\\/staging.garvanacoustic.com\\\/fr\\\/#organization\",\"name\":\"Garvan Acoustic\",\"url\":\"https:\\\/\\\/staging.garvanacoustic.com\\\/fr\\\/\",\"logo\":{\"@type\":\"ImageObject\",\"inLanguage\":\"fr-FR\",\"@id\":\"https:\\\/\\\/staging.garvanacoustic.com\\\/fr\\\/#\\\/schema\\\/logo\\\/image\\\/\",\"url\":\"https:\\\/\\\/staging.garvanacoustic.com\\\/wp-content\\\/uploads\\\/2018\\\/07\\\/garvan-acoustic-logo.png\",\"contentUrl\":\"https:\\\/\\\/staging.garvanacoustic.com\\\/wp-content\\\/uploads\\\/2018\\\/07\\\/garvan-acoustic-logo.png\",\"width\":400,\"height\":161,\"caption\":\"Garvan Acoustic\"},\"image\":{\"@id\":\"https:\\\/\\\/staging.garvanacoustic.com\\\/fr\\\/#\\\/schema\\\/logo\\\/image\\\/\"},\"sameAs\":[\"https:\\\/\\\/www.facebook.com\\\/garvanacoustic\",\"https:\\\/\\\/www.instagram.com\\\/garvanacoustic\\\/\"],\"description\":\"Produttori di Diffusori Acustici e Pannelli Fonoassorbenti Made in Italy\",\"email\":\"garvan@garvanacoustic.com\",\"telephone\":\"0546 682097\"}]}<\/script>\n<!-- \/ Yoast SEO Premium plugin. -->","yoast_head_json":{"title":"Produits sur mesure pour les entreprises - Garvan staging website","description":"Au fil des ann\u00e9es, nous avons cr\u00e9\u00e9 des enceintes personnalis\u00e9es en partenariat avec des marques c\u00e9l\u00e8bres pour r\u00e9pondre aux besoins des clients.","robots":{"index":"noindex","follow":"follow","max-snippet":"max-snippet:-1","max-image-preview":"max-image-preview:large","max-video-preview":"max-video-preview:-1"},"og_locale":"fr_FR","og_type":"article","og_title":"Produits sur mesure pour les entreprises","og_description":"Au fil des ann\u00e9es, nous avons cr\u00e9\u00e9 des enceintes personnalis\u00e9es en partenariat avec des marques c\u00e9l\u00e8bres pour r\u00e9pondre aux besoins des clients.","og_url":"https:\/\/staging.garvanacoustic.com\/fr\/enceintes\/personnalisations\/produits-sur-mesure-pour-les-entreprises\/","og_site_name":"Garvan staging website","article_publisher":"https:\/\/www.facebook.com\/garvanacoustic","article_modified_time":"2024-01-18T09:26:59+00:00","og_image":[{"width":760,"height":570,"url":"https:\/\/staging.garvanacoustic.com\/wp-content\/uploads\/2019\/02\/natuzzi.jpg","type":"image\/jpeg"}],"twitter_card":"summary_large_image","twitter_misc":{"Dur\u00e9e de lecture estim\u00e9e":"1 minute"},"schema":{"@context":"https:\/\/schema.org","@graph":[{"@type":"WebPage","@id":"https:\/\/staging.garvanacoustic.com\/fr\/enceintes\/personnalisations\/produits-sur-mesure-pour-les-entreprises\/","url":"https:\/\/staging.garvanacoustic.com\/fr\/enceintes\/personnalisations\/produits-sur-mesure-pour-les-entreprises\/","name":"Produits sur mesure pour les entreprises - Garvan staging website","isPartOf":{"@id":"https:\/\/staging.garvanacoustic.com\/fr\/#website"},"primaryImageOfPage":{"@id":"https:\/\/staging.garvanacoustic.com\/fr\/enceintes\/personnalisations\/produits-sur-mesure-pour-les-entreprises\/#primaryimage"},"image":{"@id":"https:\/\/staging.garvanacoustic.com\/fr\/enceintes\/personnalisations\/produits-sur-mesure-pour-les-entreprises\/#primaryimage"},"thumbnailUrl":"https:\/\/staging.garvanacoustic.com\/wp-content\/uploads\/2019\/02\/natuzzi.jpg","datePublished":"2024-01-18T09:22:34+00:00","dateModified":"2024-01-18T09:26:59+00:00","description":"Au fil des ann\u00e9es, nous avons cr\u00e9\u00e9 des enceintes personnalis\u00e9es en partenariat avec des marques c\u00e9l\u00e8bres pour r\u00e9pondre aux besoins des clients.","breadcrumb":{"@id":"https:\/\/staging.garvanacoustic.com\/fr\/enceintes\/personnalisations\/produits-sur-mesure-pour-les-entreprises\/#breadcrumb"},"inLanguage":"fr-FR","potentialAction":[{"@type":"ReadAction","target":["https:\/\/staging.garvanacoustic.com\/fr\/enceintes\/personnalisations\/produits-sur-mesure-pour-les-entreprises\/"]}]},{"@type":"ImageObject","inLanguage":"fr-FR","@id":"https:\/\/staging.garvanacoustic.com\/fr\/enceintes\/personnalisations\/produits-sur-mesure-pour-les-entreprises\/#primaryimage","url":"https:\/\/staging.garvanacoustic.com\/wp-content\/uploads\/2019\/02\/natuzzi.jpg","contentUrl":"https:\/\/staging.garvanacoustic.com\/wp-content\/uploads\/2019\/02\/natuzzi.jpg","width":760,"height":570},{"@type":"BreadcrumbList","@id":"https:\/\/staging.garvanacoustic.com\/fr\/enceintes\/personnalisations\/produits-sur-mesure-pour-les-entreprises\/#breadcrumb","itemListElement":[{"@type":"ListItem","position":1,"name":"Home","item":"https:\/\/staging.garvanacoustic.com\/fr\/"},{"@type":"ListItem","position":2,"name":"Enceintes","item":"https:\/\/staging.garvanacoustic.com\/fr\/enceintes\/"},{"@type":"ListItem","position":3,"name":"Personnalisations","item":"https:\/\/staging.garvanacoustic.com\/fr\/enceintes\/personnalisations\/"},{"@type":"ListItem","position":4,"name":"Produits sur mesure pour les entreprises"}]},{"@type":"WebSite","@id":"https:\/\/staging.garvanacoustic.com\/fr\/#website","url":"https:\/\/staging.garvanacoustic.com\/fr\/","name":"Garvan Acoustic","description":"Diffusori e trattamento acustico: scopri la qualit\u00e0 del Made in Italy","publisher":{"@id":"https:\/\/staging.garvanacoustic.com\/fr\/#organization"},"potentialAction":[{"@type":"SearchAction","target":{"@type":"EntryPoint","urlTemplate":"https:\/\/staging.garvanacoustic.com\/fr\/?s={search_term_string}"},"query-input":{"@type":"PropertyValueSpecification","valueRequired":true,"valueName":"search_term_string"}}],"inLanguage":"fr-FR"},{"@type":"Organization","@id":"https:\/\/staging.garvanacoustic.com\/fr\/#organization","name":"Garvan Acoustic","url":"https:\/\/staging.garvanacoustic.com\/fr\/","logo":{"@type":"ImageObject","inLanguage":"fr-FR","@id":"https:\/\/staging.garvanacoustic.com\/fr\/#\/schema\/logo\/image\/","url":"https:\/\/staging.garvanacoustic.com\/wp-content\/uploads\/2018\/07\/garvan-acoustic-logo.png","contentUrl":"https:\/\/staging.garvanacoustic.com\/wp-content\/uploads\/2018\/07\/garvan-acoustic-logo.png","width":400,"height":161,"caption":"Garvan Acoustic"},"image":{"@id":"https:\/\/staging.garvanacoustic.com\/fr\/#\/schema\/logo\/image\/"},"sameAs":["https:\/\/www.facebook.com\/garvanacoustic","https:\/\/www.instagram.com\/garvanacoustic\/"],"description":"Produttori di Diffusori Acustici e Pannelli Fonoassorbenti Made in Italy","email":"garvan@garvanacoustic.com","telephone":"0546 682097"}]}},"_links":{"self":[{"href":"https:\/\/staging.garvanacoustic.com\/fr\/wp-json\/wp\/v2\/pages\/63734","targetHints":{"allow":["GET"]}}],"collection":[{"href":"https:\/\/staging.garvanacoustic.com\/fr\/wp-json\/wp\/v2\/pages"}],"about":[{"href":"https:\/\/staging.garvanacoustic.com\/fr\/wp-json\/wp\/v2\/types\/page"}],"author":[{"embeddable":true,"href":"https:\/\/staging.garvanacoustic.com\/fr\/wp-json\/wp\/v2\/users\/11"}],"replies":[{"embeddable":true,"href":"https:\/\/staging.garvanacoustic.com\/fr\/wp-json\/wp\/v2\/comments?post=63734"}],"version-history":[{"count":4,"href":"https:\/\/staging.garvanacoustic.com\/fr\/wp-json\/wp\/v2\/pages\/63734\/revisions"}],"predecessor-version":[{"id":64524,"href":"https:\/\/staging.garvanacoustic.com\/fr\/wp-json\/wp\/v2\/pages\/63734\/revisions\/64524"}],"up":[{"embeddable":true,"href":"https:\/\/staging.garvanacoustic.com\/fr\/wp-json\/wp\/v2\/pages\/29393"}],"wp:featuredmedia":[{"embeddable":true,"href":"https:\/\/staging.garvanacoustic.com\/fr\/wp-json\/wp\/v2\/media\/28760"}],"wp:attachment":[{"href":"https:\/\/staging.garvanacoustic.com\/fr\/wp-json\/wp\/v2\/media?parent=63734"}],"curies":[{"name":"wp","href":"https:\/\/api.w.org\/{rel}","templated":true}]}}